{"id":286,"date":"2016-10-31T13:17:59","date_gmt":"2016-10-31T16:17:59","guid":{"rendered":"https:\/\/esm-nqn.infd.edu.ar\/sitio\/?page_id=286"},"modified":"2026-03-26T10:46:47","modified_gmt":"2026-03-26T13:46:47","slug":"inicio","status":"publish","type":"page","link":"https:\/\/esm-nqn.infd.edu.ar\/sitio\/","title":{"rendered":"Bienvenidos"},"content":{"rendered":"\n<h1 class=\"wp-block-heading\">\u00a1Bienvenides!<\/h1>\n\n\n\n<div class=\"wp-block-cover alignfull is-light\" style=\"min-height:375px\"><span aria-hidden=\"true\" class=\"wp-block-cover__background has-background-dim-0 has-background-dim\"><\/span><img decoding=\"async\" loading=\"lazy\" width=\"1280\" height=\"720\" class=\"wp-block-cover__image-background wp-image-2765\" alt=\"\" src=\"https:\/\/esm-nqn.infd.edu.ar\/sitio\/wp-content\/uploads\/2021\/08\/acuarela-verde-rotated.jpeg\" style=\"object-position:48% 32%\" data-object-fit=\"cover\" data-object-position=\"48% 32%\" srcset=\"https:\/\/esm-nqn.infd.edu.ar\/sitio\/wp-content\/uploads\/2021\/08\/acuarela-verde-rotated.jpeg 1280w, https:\/\/esm-nqn.infd.edu.ar\/sitio\/wp-content\/uploads\/2021\/08\/acuarela-verde-1000x563.jpeg 1000w, https:\/\/esm-nqn.infd.edu.ar\/sitio\/wp-content\/uploads\/2021\/08\/acuarela-verde-768x432.jpeg 768w\" sizes=\"(max-width: 1280px) 100vw, 1280px\" \/><div class=\"wp-block-cover__inner-container\">\n<p class=\"has-text-align-center has-large-font-size\">  <a href=\"#npropuesta\" data-type=\"internal\" data-id=\"#npropuesta\">   <img decoding=\"async\" loading=\"lazy\" width=\"204\" height=\"211\" title=\"Breve explicaci\u00f3n sobre todas las propuestas que brinda la instituci\u00f3n\" class=\"wp-image-3562\" style=\"width: 150px;\" src=\"https:\/\/esm-nqn.infd.edu.ar\/sitio\/wp-content\/uploads\/2022\/05\/NPropuesta.png\" alt=\"Nuestra Propuesta\"><\/a> <a href=\"https:\/\/esm-nqn.infd.edu.ar\/sitio\/inicio\/nines\/\" data-type=\"page\" data-id=\"2799\"><img decoding=\"async\" loading=\"lazy\" width=\"204\" height=\"209\" title=\"Formaci\u00f3n inicial musical para infancias en etapa escolar primaria\" class=\"wp-image-3782\" style=\"width: 150px;\" src=\"https:\/\/esm-nqn.infd.edu.ar\/sitio\/wp-content\/uploads\/2022\/05\/NNinnes.png\" alt=\"NNinnes\"><\/a> <a href=\"https:\/\/esm-nqn.infd.edu.ar\/sitio\/inicio\/orquestas-barrios\" data-type=\"page\" data-id=\"2802\"><img decoding=\"async\" loading=\"lazy\" width=\"204\" height=\"209\" title=\"Espacio de formaci\u00f3n musical no formal en formato de orquesta en sedes barriales\" class=\"wp-image-2791\" style=\"width: 150px;\" src=\"https:\/\/esm-nqn.infd.edu.ar\/sitio\/wp-content\/uploads\/2021\/08\/NOrquestas.png\" alt=\"Proyecto: Orquestas en los Barrios\"><\/a> <a href=\"https:\/\/esm-nqn.infd.edu.ar\/sitio\/inicio\/fobam\" data-type=\"URL\" data-id=\"https:\/\/esm-nqn.infd.edu.ar\/sitio\/inicio\/fobam\"><img decoding=\"async\" loading=\"lazy\" width=\"204\" height=\"212\" title=\"Formaci\u00f3n B\u00e1sica Musical a partir de los 13 a\u00f1os requisitos: 'primario terminado'\" class=\"wp-image-2789\" style=\"width: 150px;\" src=\"https:\/\/esm-nqn.infd.edu.ar\/sitio\/wp-content\/uploads\/2021\/08\/NFoBaM.png\" alt=\"FoBaM\"><\/a> <a href=\"https:\/\/esm-nqn.infd.edu.ar\/sitio\/inicio\/terciario\" data-type=\"page\"><img decoding=\"async\" loading=\"lazy\" width=\"204\" height=\"212\" title=\"El nivel ofrece carreras terciarias con validez nacional\" class=\"wp-image-2792\" style=\"width: 150px;\" src=\"https:\/\/esm-nqn.infd.edu.ar\/sitio\/wp-content\/uploads\/2021\/08\/NTerciario.png\" alt=\"Nivel Terciario\"><\/a>  <\/p>\n<\/div><\/div>\n\n\n\n<div class=\"wp-block-group alignfull is-vertical is-content-justification-center is-layout-flex wp-container-2\">\n<div class=\"wp-block-buttons is-content-justification-center is-layout-flex wp-container-1\"><\/div>\n<\/div>\n\n\n\n<div class=\"wp-block-buttons is-content-justification-center is-layout-flex wp-container-3\"><\/div>\n\n\n\n<h3 class=\"wp-block-heading\">Novedades<\/h3>\n\n\n\n<p><\/p>\n\n\n<ul class=\"wp-block-latest-posts__list is-grid columns-3 has-dates wp-block-latest-posts\"><li><div class=\"wp-block-latest-posts__featured-image\"><img width=\"500\" height=\"500\" src=\"https:\/\/esm-nqn.infd.edu.ar\/sitio\/wp-content\/uploads\/2026\/08\/WhatsApp-Image-2026-08-27-at-10.37.59-500x500.jpeg\" class=\"attachment-thumbnail size-thumbnail wp-post-image\" alt=\"\" decoding=\"async\" loading=\"lazy\" style=\"\" \/><\/div><a class=\"wp-block-latest-posts__post-title\" href=\"https:\/\/esm-nqn.infd.edu.ar\/sitio\/hasta-luego\/\">Hasta luego&#8230;<\/a><time datetime=\"2026-08-28T11:14:34-03:00\" class=\"wp-block-latest-posts__post-date\">28 agosto, 2026<\/time><div class=\"wp-block-latest-posts__post-excerpt\">Ante la muerte de Rub\u00e9n \u201cEl negro\u201d Rada, desde la ESMN lo despedimos con dolor, pero sabiendo tambi\u00e9n que cuando muere un\/a referente de la m\u00fasica popular de nuestra regi\u00f3n, el pueblo lo mantiene vivo en sus oidos, en &#8230; <a title=\"Hasta luego&#8230;\" class=\"read-more\" href=\"https:\/\/esm-nqn.infd.edu.ar\/sitio\/hasta-luego\/\" aria-label=\"More on Hasta luego&#8230;\">[+]<\/a><\/div><\/li>\n<li><div class=\"wp-block-latest-posts__featured-image\"><img width=\"500\" height=\"500\" src=\"https:\/\/esm-nqn.infd.edu.ar\/sitio\/wp-content\/uploads\/2026\/08\/nos-falta-un-auditorio-500x500.png\" class=\"attachment-thumbnail size-thumbnail wp-post-image\" alt=\"\" decoding=\"async\" loading=\"lazy\" style=\"\" \/><\/div><a class=\"wp-block-latest-posts__post-title\" href=\"https:\/\/esm-nqn.infd.edu.ar\/sitio\/la-escuela-superior-de-musica-de-neuquen-necesita-un-sum-auditorio\/\">La Escuela Superior de M\u00fasica de Neuqu\u00e9n necesita un SUM-Auditorio<\/a><time datetime=\"2026-08-27T10:57:57-03:00\" class=\"wp-block-latest-posts__post-date\">27 agosto, 2026<\/time><div class=\"wp-block-latest-posts__post-excerpt\">La Escuela Superior de M\u00fasica de Neuqu\u00e9n hoy tiene 58 a\u00f1os de antig\u00fcedad, 1920 estudiantes y m\u00e1s de 350 trabajadores, repartidos en tres niveles: Ni\u00f1os\/ni\u00f1as, FoBaM y Superior. Es una instituci\u00f3n de suma importancia en el aporte a la &#8230; <a title=\"La Escuela Superior de M\u00fasica de Neuqu\u00e9n necesita un SUM-Auditorio\" class=\"read-more\" href=\"https:\/\/esm-nqn.infd.edu.ar\/sitio\/la-escuela-superior-de-musica-de-neuquen-necesita-un-sum-auditorio\/\" aria-label=\"More on La Escuela Superior de M\u00fasica de Neuqu\u00e9n necesita un SUM-Auditorio\">[+]<\/a><\/div><\/li>\n<li><div class=\"wp-block-latest-posts__featured-image\"><img width=\"500\" height=\"500\" src=\"https:\/\/esm-nqn.infd.edu.ar\/sitio\/wp-content\/uploads\/2026\/08\/WhatsApp-Image-2026-08-14-at-18.22.52-500x500.jpeg\" class=\"attachment-thumbnail size-thumbnail wp-post-image\" alt=\"\" decoding=\"async\" loading=\"lazy\" style=\"\" \/><\/div><a class=\"wp-block-latest-posts__post-title\" href=\"https:\/\/esm-nqn.infd.edu.ar\/sitio\/presentacion-y-masterclass\/\">Presentaci\u00f3n y Masterclass<\/a><time datetime=\"2026-08-21T10:25:41-03:00\" class=\"wp-block-latest-posts__post-date\">21 agosto, 2026<\/time><div class=\"wp-block-latest-posts__post-excerpt\">Propuesta pedag\u00f3gica para el dictado de Clase. Libro: El Tambor Rudimental. Autor: Lic. Tom\u00e1s Limeres Editorial: Performativa Editorial. Argentina, 2026. El libro El Tambor Rudimental es la conclusi\u00f3n de m\u00e1s de quince a\u00f1os de investigaci\u00f3n y edici\u00f3n. Su contenido &#8230; <a title=\"Presentaci\u00f3n y Masterclass\" class=\"read-more\" href=\"https:\/\/esm-nqn.infd.edu.ar\/sitio\/presentacion-y-masterclass\/\" aria-label=\"More on Presentaci\u00f3n y Masterclass\">[+]<\/a><\/div><\/li>\n<\/ul>\n\n\n<div class=\"wp-block-buttons is-content-justification-center is-layout-flex wp-container-4\">\n<div class=\"wp-block-button has-custom-width wp-block-button__width-25 has-custom-font-size has-small-font-size\"><a class=\"wp-block-button__link wp-element-button\" href=\"https:\/\/esm-nqn.infd.edu.ar\/sitio\/inicio\/blog\/\" style=\"border-radius:3px\">todas las novedades<\/a><\/div>\n<\/div>\n\n\n\n<h3 class=\"wp-block-heading\" id=\"npropuesta\">Nuestra Propuesta<\/h3>\n\n\n\n<p><\/p>\n<div style=\"position: relative; width: 100%; height: 0; padding-top: 75.0000%; padding-bottom: 0; box-shadow: 0 2px 8px 0 rgba(63,69,81,0.16); margin-top: 1.6em; margin-bottom: 0.9em; overflow: hidden; border-radius: 8px; will-change: transform;\"><iframe style=\"position: absolute; width: 100%; height: 100%; top: 0; left: 0; border: none; padding: 0; margin: 0;\" src=\"https:\/\/www.canva.com\/design\/DAFUp3d_UWY\/view?embed\" allowfullscreen=\"allowfullscreen\"><br \/>\n  <\/iframe><\/div>\n<p><a href=\"https:\/\/www.canva.com\/design\/DAFUp3d_UWY\/view?utm_content=DAFUp3d_UWY&amp;utm_campaign=designshare&amp;utm_medium=embeds&amp;utm_source=link\" target=\"_blank\" rel=\"noopener\"><\/a><\/p>\n\n\n\n<div class=\"wp-block-columns is-layout-flex wp-container-6\">\n<div class=\"wp-block-column is-layout-flow\" style=\"flex-basis:100%\">\n<p><\/p>\n<\/div>\n<\/div>\n","protected":false},"excerpt":{"rendered":"<p>\u00a1Bienvenides! Novedades Nuestra Propuesta<\/p>\n","protected":false},"author":393,"featured_media":0,"parent":0,"menu_order":0,"comment_status":"closed","ping_status":"closed","template":"","meta":[],"acf":[],"_links":{"self":[{"href":"https:\/\/esm-nqn.infd.edu.ar\/sitio\/wp-json\/wp\/v2\/pages\/286"}],"collection":[{"href":"https:\/\/esm-nqn.infd.edu.ar\/sitio\/wp-json\/wp\/v2\/pages"}],"about":[{"href":"https:\/\/esm-nqn.infd.edu.ar\/sitio\/wp-json\/wp\/v2\/types\/page"}],"author":[{"embeddable":true,"href":"https:\/\/esm-nqn.infd.edu.ar\/sitio\/wp-json\/wp\/v2\/users\/393"}],"replies":[{"embeddable":true,"href":"https:\/\/esm-nqn.infd.edu.ar\/sitio\/wp-json\/wp\/v2\/comments?post=286"}],"version-history":[{"count":329,"href":"https:\/\/esm-nqn.infd.edu.ar\/sitio\/wp-json\/wp\/v2\/pages\/286\/revisions"}],"predecessor-version":[{"id":6657,"href":"https:\/\/esm-nqn.infd.edu.ar\/sitio\/wp-json\/wp\/v2\/pages\/286\/revisions\/6657"}],"wp:attachment":[{"href":"https:\/\/esm-nqn.infd.edu.ar\/sitio\/wp-json\/wp\/v2\/media?parent=286"}],"curies":[{"name":"wp","href":"https:\/\/api.w.org\/{rel}","templated":true}]}}